{"id":1344,"date":"2023-01-23T14:04:19","date_gmt":"2023-01-23T14:04:19","guid":{"rendered":"https:\/\/admin.villagedeselements.com\/?page_id=1344"},"modified":"2024-01-31T17:01:43","modified_gmt":"2024-01-31T17:01:43","slug":"maison-de-lair","status":"publish","type":"page","link":"https:\/\/admin.villagedeselements.com\/fr\/maison-de-lair\/","title":{"rendered":"Maison L&#8217;Air"},"content":{"rendered":"","protected":false},"excerpt":{"rendered":"","protected":false},"author":2,"featured_media":0,"parent":0,"menu_order":0,"comment_status":"closed","ping_status":"closed","template":"","meta":{"_acf_changed":false,"inline_featured_image":false,"footnotes":""},"class_list":["post-1344","page","type-page","status-publish","hentry"],"acf":{"flex":[{"acf_fc_layout":"banner","styletype":"default","image":{"ID":1937,"id":1937,"title":"1K9A0066","filename":"1K9A0066-e1696397342445.jpg","filesize":2697784,"url":"https:\/\/admin.villagedeselements.com\/wp-content\/uploads\/2022\/02\/1K9A0066-e1696397342445.jpg","link":"https:\/\/admin.villagedeselements.com\/fr\/maison-de-lair\/1k9a0066-2\/","alt":"","author":"1","description":"","caption":"","name":"1k9a0066-2","status":"inherit","uploaded_to":1344,"date":"2023-10-04 05:28:27","modified":"2023-10-04 12:55:46","menu_order":0,"mime_type":"image\/jpeg","type":"image","subtype":"jpeg","icon":"https:\/\/admin.villagedeselements.com\/wp-includes\/images\/media\/default.png","width":2000,"height":1125,"sizes":{"thumbnail":"https:\/\/admin.villagedeselements.com\/wp-content\/uploads\/2022\/02\/1K9A0066-150x150.jpg","thumbnail-width":150,"thumbnail-height":150,"medium":"https:\/\/admin.villagedeselements.com\/wp-content\/uploads\/2022\/02\/1K9A0066-300x169.jpg","medium-width":300,"medium-height":169,"medium_large":"https:\/\/admin.villagedeselements.com\/wp-content\/uploads\/2022\/02\/1K9A0066-768x432.jpg","medium_large-width":768,"medium_large-height":432,"large":"https:\/\/admin.villagedeselements.com\/wp-content\/uploads\/2022\/02\/1K9A0066-1024x576.jpg","large-width":1024,"large-height":576,"1536x1536":"https:\/\/admin.villagedeselements.com\/wp-content\/uploads\/2022\/02\/1K9A0066-1536x864.jpg","1536x1536-width":1536,"1536x1536-height":864,"2048x2048":"https:\/\/admin.villagedeselements.com\/wp-content\/uploads\/2022\/02\/1K9A0066-e1696397342445.jpg","2048x2048-width":2000,"2048x2048-height":1125,"gform-image-choice-sm":"https:\/\/admin.villagedeselements.com\/wp-content\/uploads\/2022\/02\/1K9A0066-e1696397342445.jpg","gform-image-choice-sm-width":300,"gform-image-choice-sm-height":169,"gform-image-choice-md":"https:\/\/admin.villagedeselements.com\/wp-content\/uploads\/2022\/02\/1K9A0066-e1696397342445.jpg","gform-image-choice-md-width":400,"gform-image-choice-md-height":225,"gform-image-choice-lg":"https:\/\/admin.villagedeselements.com\/wp-content\/uploads\/2022\/02\/1K9A0066-e1696397342445.jpg","gform-image-choice-lg-width":600,"gform-image-choice-lg-height":338}},"video":"","description":"","button":{"icon":false,"link":null},"icon":{"ID":488,"id":488,"title":"air","filename":"air.svg","filesize":4061,"url":"https:\/\/admin.villagedeselements.com\/wp-content\/uploads\/2022\/02\/air.svg","link":"https:\/\/admin.villagedeselements.com\/fr\/maison-de-lair\/air-2\/","alt":"","author":"1","description":"","caption":"","name":"air-2","status":"inherit","uploaded_to":1344,"date":"2022-02-18 13:35:01","modified":"2023-01-16 12:58:22","menu_order":0,"mime_type":"image\/svg+xml","type":"image","subtype":"svg+xml","icon":"https:\/\/admin.villagedeselements.com\/wp-includes\/images\/media\/default.png","width":80,"height":80,"sizes":{"thumbnail":"https:\/\/admin.villagedeselements.com\/wp-content\/uploads\/2022\/02\/air.svg","thumbnail-width":150,"thumbnail-height":150,"medium":"https:\/\/admin.villagedeselements.com\/wp-content\/uploads\/2022\/02\/air.svg","medium-width":300,"medium-height":300,"medium_large":"https:\/\/admin.villagedeselements.com\/wp-content\/uploads\/2022\/02\/air.svg","medium_large-width":768,"medium_large-height":768,"large":"https:\/\/admin.villagedeselements.com\/wp-content\/uploads\/2022\/02\/air.svg","large-width":1024,"large-height":1024,"1536x1536":"https:\/\/admin.villagedeselements.com\/wp-content\/uploads\/2022\/02\/air.svg","1536x1536-width":80,"1536x1536-height":80,"2048x2048":"https:\/\/admin.villagedeselements.com\/wp-content\/uploads\/2022\/02\/air.svg","2048x2048-width":80,"2048x2048-height":80,"gform-image-choice-sm":"https:\/\/admin.villagedeselements.com\/wp-content\/uploads\/2022\/02\/air.svg","gform-image-choice-sm-width":80,"gform-image-choice-sm-height":80,"gform-image-choice-md":"https:\/\/admin.villagedeselements.com\/wp-content\/uploads\/2022\/02\/air.svg","gform-image-choice-md-width":80,"gform-image-choice-md-height":80,"gform-image-choice-lg":"https:\/\/admin.villagedeselements.com\/wp-content\/uploads\/2022\/02\/air.svg","gform-image-choice-lg-width":80,"gform-image-choice-lg-height":80}},"colorcode":"#D4D3CC","points":false},{"acf_fc_layout":"component","styletype":"reserve","description":"","accent":"#B19353","link":null,"title":"","images":false,"button":{"icon":false,"link":null},"days":false,"prices":false,"subtext":"","house":false}]},"yoast_head":"<!-- This site is optimized with the Yoast SEO plugin v26.6 - https:\/\/yoast.com\/wordpress\/plugins\/seo\/ -->\n<title>Maison L&#039;Air - Village des \u00c9l\u00e9ments<\/title>\n<meta name=\"description\" content=\"La maison de vacances Maison de L&#039;Air est adapt\u00e9e pour 2-4 personnes. Le th\u00e8me en termes de style et d&#039;ameublement est l\u00e9ger et spacieux.\" \/>\n<meta name=\"robots\" content=\"noindex, follow, max-snippet:-1, max-image-preview:large, max-video-preview:-1\" \/>\n<meta property=\"og:locale\" content=\"fr_FR\" \/>\n<meta property=\"og:type\" content=\"article\" \/>\n<meta property=\"og:title\" content=\"Maison L&#039;Air - Village des \u00c9l\u00e9ments\" \/>\n<meta property=\"og:description\" content=\"La maison de vacances Maison de L&#039;Air est adapt\u00e9e pour 2-4 personnes. Le th\u00e8me en termes de style et d&#039;ameublement est l\u00e9ger et spacieux.\" \/>\n<meta property=\"og:url\" content=\"https:\/\/admin.villagedeselements.com\/fr\/maison-de-lair\/\" \/>\n<meta property=\"og:site_name\" content=\"Village des \u00c9l\u00e9ments\" \/>\n<meta property=\"article:publisher\" content=\"https:\/\/www.facebook.com\/profile.php?id=100076574927931\" \/>\n<meta property=\"article:modified_time\" content=\"2024-01-31T17:01:43+00:00\" \/>\n<meta name=\"twitter:card\" content=\"summary_large_image\" \/>\n<meta name=\"twitter:site\" content=\"@yoast\" \/>\n<script type=\"application\/ld+json\" class=\"yoast-schema-graph\">{\"@context\":\"https:\/\/schema.org\",\"@graph\":[{\"@type\":\"WebPage\",\"@id\":\"https:\/\/admin.villagedeselements.com\/fr\/maison-de-lair\/\",\"url\":\"https:\/\/admin.villagedeselements.com\/fr\/maison-de-lair\/\",\"name\":\"Maison L'Air - Village des \u00c9l\u00e9ments\",\"isPartOf\":{\"@id\":\"https:\/\/admin.villagedeselements.com\/#website\"},\"datePublished\":\"2023-01-23T14:04:19+00:00\",\"dateModified\":\"2024-01-31T17:01:43+00:00\",\"description\":\"La maison de vacances Maison de L'Air est adapt\u00e9e pour 2-4 personnes. Le th\u00e8me en termes de style et d'ameublement est l\u00e9ger et spacieux.\",\"breadcrumb\":{\"@id\":\"https:\/\/admin.villagedeselements.com\/fr\/maison-de-lair\/#breadcrumb\"},\"inLanguage\":\"fr-FR\",\"potentialAction\":[{\"@type\":\"ReadAction\",\"target\":[\"https:\/\/admin.villagedeselements.com\/fr\/maison-de-lair\/\"]}]},{\"@type\":\"BreadcrumbList\",\"@id\":\"https:\/\/admin.villagedeselements.com\/fr\/maison-de-lair\/#breadcrumb\",\"itemListElement\":[{\"@type\":\"ListItem\",\"position\":1,\"name\":\"Home\",\"item\":\"https:\/\/admin.villagedeselements.com\/fr\/\"},{\"@type\":\"ListItem\",\"position\":2,\"name\":\"Maison L&#8217;Air\"}]},{\"@type\":\"WebSite\",\"@id\":\"https:\/\/admin.villagedeselements.com\/#website\",\"url\":\"https:\/\/admin.villagedeselements.com\/\",\"name\":\"Village des \u00c9l\u00e9ments\",\"description\":\"Kom tot rust in een prachtige omgeving vol luxe\",\"publisher\":{\"@id\":\"https:\/\/admin.villagedeselements.com\/#organization\"},\"potentialAction\":[{\"@type\":\"SearchAction\",\"target\":{\"@type\":\"EntryPoint\",\"urlTemplate\":\"https:\/\/admin.villagedeselements.com\/?s={search_term_string}\"},\"query-input\":{\"@type\":\"PropertyValueSpecification\",\"valueRequired\":true,\"valueName\":\"search_term_string\"}}],\"inLanguage\":\"fr-FR\"},{\"@type\":\"Organization\",\"@id\":\"https:\/\/admin.villagedeselements.com\/#organization\",\"name\":\"Village des \u00c9l\u00e9ments\",\"url\":\"https:\/\/admin.villagedeselements.com\/\",\"logo\":{\"@type\":\"ImageObject\",\"inLanguage\":\"fr-FR\",\"@id\":\"https:\/\/admin.villagedeselements.com\/#\/schema\/logo\/image\/\",\"url\":\"https:\/\/admin.villagedeselements.com\/wp-content\/uploads\/2022\/02\/homebannerlogo.svg\",\"contentUrl\":\"https:\/\/admin.villagedeselements.com\/wp-content\/uploads\/2022\/02\/homebannerlogo.svg\",\"width\":235,\"height\":176,\"caption\":\"Village des \u00c9l\u00e9ments\"},\"image\":{\"@id\":\"https:\/\/admin.villagedeselements.com\/#\/schema\/logo\/image\/\"},\"sameAs\":[\"https:\/\/www.facebook.com\/profile.php?id=100076574927931\",\"https:\/\/x.com\/yoast\",\"https:\/\/instagram.com\/village_des_elements_?igshid=MmIzYWVlNDQ5Yg==\"]}]}<\/script>\n<!-- \/ Yoast SEO plugin. -->","yoast_head_json":{"title":"Maison L'Air - Village des \u00c9l\u00e9ments","description":"La maison de vacances Maison de L'Air est adapt\u00e9e pour 2-4 personnes. Le th\u00e8me en termes de style et d'ameublement est l\u00e9ger et spacieux.","robots":{"index":"noindex","follow":"follow","max-snippet":"max-snippet:-1","max-image-preview":"max-image-preview:large","max-video-preview":"max-video-preview:-1"},"og_locale":"fr_FR","og_type":"article","og_title":"Maison L'Air - Village des \u00c9l\u00e9ments","og_description":"La maison de vacances Maison de L'Air est adapt\u00e9e pour 2-4 personnes. Le th\u00e8me en termes de style et d'ameublement est l\u00e9ger et spacieux.","og_url":"https:\/\/admin.villagedeselements.com\/fr\/maison-de-lair\/","og_site_name":"Village des \u00c9l\u00e9ments","article_publisher":"https:\/\/www.facebook.com\/profile.php?id=100076574927931","article_modified_time":"2024-01-31T17:01:43+00:00","twitter_card":"summary_large_image","twitter_site":"@yoast","schema":{"@context":"https:\/\/schema.org","@graph":[{"@type":"WebPage","@id":"https:\/\/admin.villagedeselements.com\/fr\/maison-de-lair\/","url":"https:\/\/admin.villagedeselements.com\/fr\/maison-de-lair\/","name":"Maison L'Air - Village des \u00c9l\u00e9ments","isPartOf":{"@id":"https:\/\/admin.villagedeselements.com\/#website"},"datePublished":"2023-01-23T14:04:19+00:00","dateModified":"2024-01-31T17:01:43+00:00","description":"La maison de vacances Maison de L'Air est adapt\u00e9e pour 2-4 personnes. Le th\u00e8me en termes de style et d'ameublement est l\u00e9ger et spacieux.","breadcrumb":{"@id":"https:\/\/admin.villagedeselements.com\/fr\/maison-de-lair\/#breadcrumb"},"inLanguage":"fr-FR","potentialAction":[{"@type":"ReadAction","target":["https:\/\/admin.villagedeselements.com\/fr\/maison-de-lair\/"]}]},{"@type":"BreadcrumbList","@id":"https:\/\/admin.villagedeselements.com\/fr\/maison-de-lair\/#breadcrumb","itemListElement":[{"@type":"ListItem","position":1,"name":"Home","item":"https:\/\/admin.villagedeselements.com\/fr\/"},{"@type":"ListItem","position":2,"name":"Maison L&#8217;Air"}]},{"@type":"WebSite","@id":"https:\/\/admin.villagedeselements.com\/#website","url":"https:\/\/admin.villagedeselements.com\/","name":"Village des \u00c9l\u00e9ments","description":"Kom tot rust in een prachtige omgeving vol luxe","publisher":{"@id":"https:\/\/admin.villagedeselements.com\/#organization"},"potentialAction":[{"@type":"SearchAction","target":{"@type":"EntryPoint","urlTemplate":"https:\/\/admin.villagedeselements.com\/?s={search_term_string}"},"query-input":{"@type":"PropertyValueSpecification","valueRequired":true,"valueName":"search_term_string"}}],"inLanguage":"fr-FR"},{"@type":"Organization","@id":"https:\/\/admin.villagedeselements.com\/#organization","name":"Village des \u00c9l\u00e9ments","url":"https:\/\/admin.villagedeselements.com\/","logo":{"@type":"ImageObject","inLanguage":"fr-FR","@id":"https:\/\/admin.villagedeselements.com\/#\/schema\/logo\/image\/","url":"https:\/\/admin.villagedeselements.com\/wp-content\/uploads\/2022\/02\/homebannerlogo.svg","contentUrl":"https:\/\/admin.villagedeselements.com\/wp-content\/uploads\/2022\/02\/homebannerlogo.svg","width":235,"height":176,"caption":"Village des \u00c9l\u00e9ments"},"image":{"@id":"https:\/\/admin.villagedeselements.com\/#\/schema\/logo\/image\/"},"sameAs":["https:\/\/www.facebook.com\/profile.php?id=100076574927931","https:\/\/x.com\/yoast","https:\/\/instagram.com\/village_des_elements_?igshid=MmIzYWVlNDQ5Yg=="]}]}},"yoast_title":"Maison L&#039;Air - Village des \u00c9l\u00e9ments","yoast_meta":[{"name":"description","content":"La maison de vacances Maison de L&#039;Air est adapt\u00e9e pour 2-4 personnes. Le th\u00e8me en termes de style et d&#039;ameublement est l\u00e9ger et spacieux."},{"name":"robots","content":"noindex, follow, max-snippet:-1, max-image-preview:large, max-video-preview:-1"},{"property":"og:locale","content":"fr_FR"},{"property":"og:type","content":"article"},{"property":"og:title","content":"Maison L&#039;Air - Village des \u00c9l\u00e9ments"},{"property":"og:description","content":"La maison de vacances Maison de L&#039;Air est adapt\u00e9e pour 2-4 personnes. Le th\u00e8me en termes de style et d&#039;ameublement est l\u00e9ger et spacieux."},{"property":"og:url","content":"https:\/\/admin.villagedeselements.com\/fr\/maison-de-lair\/"},{"property":"og:site_name","content":"Village des \u00c9l\u00e9ments"},{"property":"article:publisher","content":"https:\/\/www.facebook.com\/profile.php?id=100076574927931"},{"property":"article:modified_time","content":"2024-01-31T17:01:43+00:00"},{"name":"twitter:card","content":"summary_large_image"},{"name":"twitter:site","content":"@yoast"},{"name":"robots","content":"noindex, nofollow"}],"yoast_json_ld":[{"@context":"https:\/\/schema.org","@graph":[{"@type":"WebPage","@id":"https:\/\/admin.villagedeselements.com\/fr\/maison-de-lair\/","url":"https:\/\/admin.villagedeselements.com\/fr\/maison-de-lair\/","name":"Maison L'Air - Village des &Eacute;l&eacute;ments","isPartOf":{"@id":"https:\/\/admin.villagedeselements.com\/#website"},"datePublished":"2023-01-23T14:04:19+00:00","dateModified":"2024-01-31T17:01:43+00:00","description":"La maison de vacances Maison de L'Air est adapt&eacute;e pour 2-4 personnes. Le th&egrave;me en termes de style et d'ameublement est l&eacute;ger et spacieux.","breadcrumb":{"@id":"https:\/\/admin.villagedeselements.com\/fr\/maison-de-lair\/#breadcrumb"},"inLanguage":"fr-FR","potentialAction":[{"@type":"ReadAction","target":["https:\/\/admin.villagedeselements.com\/fr\/maison-de-lair\/"]}]},{"@type":"BreadcrumbList","@id":"https:\/\/admin.villagedeselements.com\/fr\/maison-de-lair\/#breadcrumb","itemListElement":[{"@type":"ListItem","position":1,"name":"Home","item":"https:\/\/admin.villagedeselements.com\/fr\/"},{"@type":"ListItem","position":2,"name":"Maison L&#8217;Air"}]},{"@type":"WebSite","@id":"https:\/\/admin.villagedeselements.com\/#website","url":"https:\/\/admin.villagedeselements.com\/","name":"Village des &Eacute;l&eacute;ments","description":"Kom tot rust in een prachtige omgeving vol luxe","publisher":{"@id":"https:\/\/admin.villagedeselements.com\/#organization"},"potentialAction":[{"@type":"SearchAction","target":{"@type":"EntryPoint","urlTemplate":"https:\/\/admin.villagedeselements.com\/?s={search_term_string}"},"query-input":{"@type":"PropertyValueSpecification","valueRequired":true,"valueName":"search_term_string"}}],"inLanguage":"fr-FR"},{"@type":"Organization","@id":"https:\/\/admin.villagedeselements.com\/#organization","name":"Village des &Eacute;l&eacute;ments","url":"https:\/\/admin.villagedeselements.com\/","logo":{"@type":"ImageObject","inLanguage":"fr-FR","@id":"https:\/\/admin.villagedeselements.com\/#\/schema\/logo\/image\/","url":"https:\/\/admin.villagedeselements.com\/wp-content\/uploads\/2022\/02\/homebannerlogo.svg","contentUrl":"https:\/\/admin.villagedeselements.com\/wp-content\/uploads\/2022\/02\/homebannerlogo.svg","width":235,"height":176,"caption":"Village des &Eacute;l&eacute;ments"},"image":{"@id":"https:\/\/admin.villagedeselements.com\/#\/schema\/logo\/image\/"},"sameAs":["https:\/\/www.facebook.com\/profile.php?id=100076574927931","https:\/\/x.com\/yoast","https:\/\/instagram.com\/village_des_elements_?igshid=MmIzYWVlNDQ5Yg=="]}]}],"_links":{"self":[{"href":"https:\/\/admin.villagedeselements.com\/fr\/wp-json\/wp\/v2\/pages\/1344","targetHints":{"allow":["GET"]}}],"collection":[{"href":"https:\/\/admin.villagedeselements.com\/fr\/wp-json\/wp\/v2\/pages"}],"about":[{"href":"https:\/\/admin.villagedeselements.com\/fr\/wp-json\/wp\/v2\/types\/page"}],"author":[{"embeddable":true,"href":"https:\/\/admin.villagedeselements.com\/fr\/wp-json\/wp\/v2\/users\/2"}],"replies":[{"embeddable":true,"href":"https:\/\/admin.villagedeselements.com\/fr\/wp-json\/wp\/v2\/comments?post=1344"}],"version-history":[{"count":3,"href":"https:\/\/admin.villagedeselements.com\/fr\/wp-json\/wp\/v2\/pages\/1344\/revisions"}],"predecessor-version":[{"id":2659,"href":"https:\/\/admin.villagedeselements.com\/fr\/wp-json\/wp\/v2\/pages\/1344\/revisions\/2659"}],"wp:attachment":[{"href":"https:\/\/admin.villagedeselements.com\/fr\/wp-json\/wp\/v2\/media?parent=1344"}],"curies":[{"name":"wp","href":"https:\/\/api.w.org\/{rel}","templated":true}]}}